{"version":"1.0","provider_name":"Sofia-today.com","provider_url":"https:\/\/sofia-today.com\/ro\/","title":"Cu c\u00e2t timp \u00eenainte ar trebui s\u0103 planific\u0103m vacan\u021ba de var\u0103 \u00een familie? - Sofia-today.com","type":"rich","width":600,"height":338,"html":"<blockquote class=\"wp-embedded-content\" data-secret=\"nkd4xEpBFI\"><a href=\"https:\/\/sofia-today.com\/ro\/planificam-vacanta-de-vara-in-familie\/\">Cu c\u00e2t timp \u00eenainte ar trebui s\u0103 planific\u0103m vacan\u021ba de var\u0103 \u00een familie?<\/a><\/blockquote><iframe sandbox=\"allow-scripts\" security=\"restricted\" src=\"https:\/\/sofia-today.com\/ro\/planificam-vacanta-de-vara-in-familie\/embed\/#?secret=nkd4xEpBFI\" width=\"600\" height=\"338\" title=\"&#8222;Cu c\u00e2t timp \u00eenainte ar trebui s\u0103 planific\u0103m vacan\u021ba de var\u0103 \u00een familie?&#8221; &#8211; Sofia-today.com\" data-secret=\"nkd4xEpBFI\" frameborder=\"0\" marginwidth=\"0\" marginheight=\"0\" scrolling=\"no\" class=\"wp-embedded-content\"><\/iframe><script>\n\/*! This file is auto-generated *\/\n!function(d,l){\"use strict\";l.querySelector&&d.addEventListener&&\"undefined\"!=typeof URL&&(d.wp=d.wp||{},d.wp.receiveEmbedMessage||(d.wp.receiveEmbedMessage=function(e){var t=e.data;if((t||t.secret||t.message||t.value)&&!\/[^a-zA-Z0-9]\/.test(t.secret)){for(var s,r,n,a=l.querySelectorAll('iframe[data-secret=\"'+t.secret+'\"]'),o=l.querySelectorAll('blockquote[data-secret=\"'+t.secret+'\"]'),c=new RegExp(\"^https?:$\",\"i\"),i=0;i<o.length;i++)o[i].style.display=\"none\";for(i=0;i<a.length;i++)s=a[i],e.source===s.contentWindow&&(s.removeAttribute(\"style\"),\"height\"===t.message?(1e3<(r=parseInt(t.value,10))?r=1e3:~~r<200&&(r=200),s.height=r):\"link\"===t.message&&(r=new URL(s.getAttribute(\"src\")),n=new URL(t.value),c.test(n.protocol))&&n.host===r.host&&l.activeElement===s&&(d.top.location.href=t.value))}},d.addEventListener(\"message\",d.wp.receiveEmbedMessage,!1),l.addEventListener(\"DOMContentLoaded\",function(){for(var e,t,s=l.querySelectorAll(\"iframe.wp-embedded-content\"),r=0;r<s.length;r++)(t=(e=s[r]).getAttribute(\"data-secret\"))||(t=Math.random().toString(36).substring(2,12),e.src+=\"#?secret=\"+t,e.setAttribute(\"data-secret\",t)),e.contentWindow.postMessage({message:\"ready\",secret:t},\"*\")},!1)))}(window,document);\n\/\/# sourceURL=https:\/\/sofia-today.com\/wp-includes\/js\/wp-embed.min.js\n<\/script>\n","thumbnail_url":"https:\/\/sofia-today.com\/wp-content\/uploads\/2022\/03\/Summer-plan.png","thumbnail_width":1920,"thumbnail_height":1080,"description":"Se apropie cea mai frumoas\u0103 perioad\u0103 a anului \u2013 vara. Sezonul concediilor \u0219i al aventurilor \u00een familie. A\u021bi planificat deja unde v\u0103 ve\u021bi petrece vacan\u021ba anul acesta? Dac\u0103 face\u021bi parte din categoria celor c\u0103rora le place s\u0103 planifice totul \u00een avans, probabil c\u0103 analiza\u021bi deja oferte. Unii dintre voi s-ar putea chiar s\u0103 fi rezervat [&hellip;]"}